{"id":8,"date":"2021-10-14T16:10:36","date_gmt":"2021-10-14T14:10:36","guid":{"rendered":"https:\/\/albaicin.fr\/?page_id=8"},"modified":"2025-07-22T17:38:23","modified_gmt":"2025-07-22T15:38:23","slug":"plan-site-albaicin","status":"publish","type":"page","link":"https:\/\/albaicin.fr\/index.php\/plan-site-albaicin\/","title":{"rendered":"Plan du site"},"content":{"rendered":"<div class=\"wpb-content-wrapper\">[vc_row][vc_column][vc_column_text]<div class=\"wsp-container\"><h2 class=\"wsp-pages-title\">Pages<\/h2>\n<ul class=\"wsp-pages-list\">\n<li class=\"page_item page-item-8714 current_page_parent\"><a href=\"https:\/\/albaicin.fr\/index.php\/actualites-atelier\/\">Actualit\u00e9s de l&rsquo; atelier Albaicin<\/a><\/li>\n<li class=\"page_item page-item-9132\"><a href=\"https:\/\/albaicin.fr\/\">Atelier albaic\u00edn<\/a><\/li>\n<li class=\"page_item page-item-10265\"><a href=\"https:\/\/albaicin.fr\/index.php\/boutique-albaicin\/\">Boutique albaicin<\/a><\/li>\n<li class=\"page_item page-item-10274\"><a href=\"https:\/\/albaicin.fr\/index.php\/conditions-generales\/\">Conditions g\u00e9n\u00e9rales de vente<\/a><\/li>\n<li class=\"page_item page-item-9846\"><a href=\"https:\/\/albaicin.fr\/index.php\/etui-telephone\/\">\u00c9tui pour t\u00e9l\u00e9phone<\/a><\/li>\n<li class=\"page_item page-item-9941\"><a href=\"https:\/\/albaicin.fr\/index.php\/etuis-lunettes\/\">\u00c9tuis \u00e0 lunettes<\/a><\/li>\n<li class=\"page_item page-item-15\"><a href=\"https:\/\/albaicin.fr\/index.php\/mentions-legales\/\">Mentions l\u00e9gales<\/a><\/li>\n<li class=\"page_item page-item-9339\"><a href=\"https:\/\/albaicin.fr\/index.php\/sacoche\/\">Mix-In<\/a><\/li>\n<li class=\"page_item page-item-10268\"><a href=\"https:\/\/albaicin.fr\/index.php\/mon-compte\/\">Mon compte<\/a><\/li>\n<li class=\"page_item page-item-10266\"><a href=\"https:\/\/albaicin.fr\/index.php\/panier\/\">Panier<\/a><\/li>\n<li class=\"page_item page-item-8710\"><a href=\"https:\/\/albaicin.fr\/index.php\/parcours\/\">Parcours de l&rsquo;artisane<\/a><\/li>\n<li class=\"page_item page-item-8721\"><a href=\"https:\/\/albaicin.fr\/index.php\/polochon-sac-dos\/\">PAULO le polochon<\/a><\/li>\n<li class=\"page_item page-item-10707\"><a href=\"https:\/\/albaicin.fr\/index.php\/mixte\/\">Petite sacoche mixte<\/a><\/li>\n<li class=\"page_item page-item-8\"><a href=\"https:\/\/albaicin.fr\/index.php\/plan-site-albaicin\/\">Plan du site<\/a><\/li>\n<li class=\"page_item page-item-10066\"><a href=\"https:\/\/albaicin.fr\/index.php\/poche-tabac\/\">Poche \u00e0 tabac<\/a><\/li>\n<li class=\"page_item page-item-9504\"><a href=\"https:\/\/albaicin.fr\/index.php\/pochette-bihan\/\">Pochette Bihan<\/a><\/li>\n<li class=\"page_item page-item-9605\"><a href=\"https:\/\/albaicin.fr\/index.php\/pochette-compagnon\/\">Pochette compagnon<\/a><\/li>\n<li class=\"page_item page-item-3\"><a href=\"https:\/\/albaicin.fr\/index.php\/site-produits\/\">Politique de confidentialit\u00e9<\/a><\/li>\n<li class=\"page_item page-item-8724\"><a href=\"https:\/\/albaicin.fr\/index.php\/porte-monnaie-cuir\/\">Porte-monnaie #1<\/a><\/li>\n<li class=\"page_item page-item-9497\"><a href=\"https:\/\/albaicin.fr\/index.php\/petit-sac-ceinture\/\">SUAVE<\/a><\/li>\n<li class=\"page_item page-item-26\"><a href=\"https:\/\/albaicin.fr\/index.php\/creations-marches\/\">Trouver mes cr\u00e9ations &#8211; Contact<\/a><\/li>\n<li class=\"page_item page-item-10267\"><a href=\"https:\/\/albaicin.fr\/index.php\/commander\/\">Validation de la commande<\/a><\/li>\n<\/ul>\n<h2 class=\"wsp-posts-title\">Articles par cat\u00e9gorie<\/h2>\n<ul class=\"wsp-posts-list\">\n\t<li><strong class=\"wsp-category-title\">Cat\u00e9gorie\u00a0: <a href=\"https:\/\/albaicin.fr\/index.php\/category\/marches-salons\/\">March\u00e9s et salons d&#039;artisanat d&#039;art<\/a><\/strong>\n<ul class=\"wsp-posts-list\">\t\t<li class=\"wsp-post\"><a href=\"https:\/\/albaicin.fr\/index.php\/2025\/12\/08\/lamballe\/\">Haras de Lamballe &#8211; Les Ecuries du P\u00e8re-No\u00ebl<\/a><\/li>\n\t\t<li class=\"wsp-post\"><a href=\"https:\/\/albaicin.fr\/index.php\/2025\/08\/17\/gouesnach-brocante-artisanat\/\">Gouesn&rsquo;Art \u00e0 Gouesnac&rsquo;h dimanche 24 Ao\u00fbt<\/a><\/li>\n\t\t<li class=\"wsp-post\"><a href=\"https:\/\/albaicin.fr\/index.php\/2023\/11\/09\/chapelle\/\">March\u00e9 de cr\u00e9ateurs \u00e0 Plomeur le 11 novembre<\/a><\/li>\n\t\t<li class=\"wsp-post\"><a href=\"https:\/\/albaicin.fr\/index.php\/2023\/10\/18\/baden-createurs\/\">March\u00e9 des artisans cr\u00e9ateurs bretons \u00e0 Baden<\/a><\/li>\n\t\t<li class=\"wsp-post\"><a href=\"https:\/\/albaicin.fr\/index.php\/2023\/10\/13\/salon-artisans-art\/\">Salon d&rsquo; artisans d&rsquo; art au Guilvinec 14 et 15 octobre<\/a><\/li>\n\t\t<li class=\"wsp-post\"><a href=\"https:\/\/albaicin.fr\/index.php\/2023\/07\/26\/deferlantes-camaret\/\">March\u00e9 des D\u00e9ferlantes &#8211; Camaret-sur-Mer<\/a><\/li>\n\t\t<li class=\"wsp-post\"><a href=\"https:\/\/albaicin.fr\/index.php\/2023\/07\/01\/marche-vannes\/\">March\u00e9 estival des cr\u00e9ateurs \u00e0 Vannes<\/a><\/li>\n\t\t<li class=\"wsp-post\"><a href=\"https:\/\/albaicin.fr\/index.php\/2023\/05\/10\/artisans-penmarch\/\">Printemps de artisans et cr\u00e9ateurs \u00e0 Penmarch<\/a><\/li>\n<\/ul><\/li>\n\t<li><strong class=\"wsp-category-title\">Cat\u00e9gorie\u00a0: <a href=\"https:\/\/albaicin.fr\/index.php\/category\/nouvelles-creations\/\">Nouvelles cr\u00e9ations<\/a><\/strong>\n<ul class=\"wsp-posts-list\">\t\t<li class=\"wsp-post\"><a href=\"https:\/\/albaicin.fr\/index.php\/2025\/07\/22\/collection-suave\/\">La collection Suave d&rsquo;\u00e9t\u00e9 est arriv\u00e9e<\/a><\/li>\n<\/ul><\/li>\n<\/ul>\n<h2 class=\"wsp-products-title\">Produits<\/h2>\n<ul class=\"wsp-products-list\">\n<li><a href=\"https:\/\/albaicin.fr\/index.php\/produit\/gourde\/\">Wego l'\u00e9tui de gourde<\/a><\/li>\n<li><a href=\"https:\/\/albaicin.fr\/index.php\/produit\/porte-monnaie\/\">Porte monnaie<\/a><\/li>\n<li><a href=\"https:\/\/albaicin.fr\/index.php\/produit\/etui-lunettes\/\">Etui \u00e0 lunettes Lulu<\/a><\/li>\n<li><a href=\"https:\/\/albaicin.fr\/index.php\/produit\/etui-telephone\/\">Smart L+ Etui de t\u00e9l\u00e9phone<\/a><\/li>\n<li><a href=\"https:\/\/albaicin.fr\/index.php\/produit\/petite-sacoche-mixte\/\">Petite Sacoche Mixte<\/a><\/li>\n<li><a href=\"https:\/\/albaicin.fr\/index.php\/produit\/soiree\/\">Bihan<\/a><\/li>\n<li><a href=\"https:\/\/albaicin.fr\/index.php\/produit\/besace-june\/\">June<\/a><\/li>\n<li><a href=\"https:\/\/albaicin.fr\/index.php\/produit\/polochon\/\">Paulo<\/a><\/li>\n<li><a href=\"https:\/\/albaicin.fr\/index.php\/produit\/banane\/\">Mix-In #1 La banane \u00e9l\u00e9gante<\/a><\/li>\n<li><a href=\"https:\/\/albaicin.fr\/index.php\/produit\/sac-moelleux\/\">Suave<\/a><\/li>\n<li><a href=\"https:\/\/albaicin.fr\/index.php\/produit\/sac-compact\/\">Pochette compagnon<\/a><\/li>\n<li><a href=\"https:\/\/albaicin.fr\/index.php\/produit\/carte-cadeau\/\">Carte cadeau Albaicin<\/a><\/li>\n<\/ul>\n<h2 class=\"wsp-mailpoet_pages-title\">MailPoet Page<\/h2>\n<ul class=\"wsp-mailpoet_pages-list\">\n<li><a href=\"https:\/\/albaicin.fr\/?mailpoet_page=captcha\">Page MailPoet<\/a><\/li>\n<li><a href=\"https:\/\/albaicin.fr\/?mailpoet_page=subscriptions\">Page MailPoet<\/a><\/li>\n<\/ul>\n<h2 class=\"wsp-product_cats-title\">Cat\u00e9gories de produits<\/h2>\n<ul class=\"wsp-product_cats-list\">\n<li><a href=\"https:\/\/albaicin.fr\/index.php\/categorie-produit\/creations\/\">Sacs et pochettes<\/a><\/li>\n<li><a href=\"https:\/\/albaicin.fr\/index.php\/categorie-produit\/cuir\/\">Grands Sacs<\/a><\/li>\n<li><a href=\"https:\/\/albaicin.fr\/index.php\/categorie-produit\/portefeuilles\/\">Petite Maroquinerie<\/a><\/li>\n<li><a href=\"https:\/\/albaicin.fr\/index.php\/categorie-produit\/pleine-fleur\/\">Tous les sacs<\/a><\/li>\n<li><a href=\"https:\/\/albaicin.fr\/index.php\/categorie-produit\/argent\/\">Pour argent papiers et cartes<\/a><\/li>\n<li><a href=\"https:\/\/albaicin.fr\/index.php\/categorie-produit\/telephone-lunettes\/\">Les Etuis<\/a><\/li>\n<li><a href=\"https:\/\/albaicin.fr\/index.php\/categorie-produit\/mode\/\">Sacs ceinture<\/a><\/li>\n<li><a href=\"https:\/\/albaicin.fr\/index.php\/categorie-produit\/autres-produits\/\">Autres produits<\/a><\/li>\n<\/ul>\n<h2 class=\"wsp-product_tags-title\">\u00c9tiquettes produit<\/h2>\n<ul class=\"wsp-product_tags-list\">\n<li><a href=\"https:\/\/albaicin.fr\/index.php\/etiquette-produit\/argent\/\">argent<\/a><\/li>\n<li><a href=\"https:\/\/albaicin.fr\/index.php\/etiquette-produit\/banane\/\">banane<\/a><\/li>\n<li><a href=\"https:\/\/albaicin.fr\/index.php\/etiquette-produit\/bandouliere\/\">bandouli\u00e8re<\/a><\/li>\n<li><a href=\"https:\/\/albaicin.fr\/index.php\/etiquette-produit\/besace\/\">besace<\/a><\/li>\n<li><a href=\"https:\/\/albaicin.fr\/index.php\/etiquette-produit\/billets\/\">billets<\/a><\/li>\n<li><a href=\"https:\/\/albaicin.fr\/index.php\/etiquette-produit\/boisson\/\">boisson<\/a><\/li>\n<li><a href=\"https:\/\/albaicin.fr\/index.php\/etiquette-produit\/bourse\/\">bourse<\/a><\/li>\n<li><a href=\"https:\/\/albaicin.fr\/index.php\/etiquette-produit\/bouteille\/\">bouteille<\/a><\/li>\n<li><a href=\"https:\/\/albaicin.fr\/index.php\/etiquette-produit\/carte\/\">carte<\/a><\/li>\n<li><a href=\"https:\/\/albaicin.fr\/index.php\/etiquette-produit\/ceinture\/\">ceinture<\/a><\/li>\n<li><a href=\"https:\/\/albaicin.fr\/index.php\/etiquette-produit\/compact\/\">compact<\/a><\/li>\n<li><a href=\"https:\/\/albaicin.fr\/index.php\/etiquette-produit\/compagnon\/\">compagnon<\/a><\/li>\n<li><a href=\"https:\/\/albaicin.fr\/index.php\/etiquette-produit\/cordon\/\">cordon<\/a><\/li>\n<li><a href=\"https:\/\/albaicin.fr\/index.php\/etiquette-produit\/cuir\/\">cuir<\/a><\/li>\n<li><a href=\"https:\/\/albaicin.fr\/index.php\/etiquette-produit\/dore\/\">dor\u00e9<\/a><\/li>\n<li><a href=\"https:\/\/albaicin.fr\/index.php\/etiquette-produit\/eau-minerale\/\">eau min\u00e9rale<\/a><\/li>\n<li><a href=\"https:\/\/albaicin.fr\/index.php\/etiquette-produit\/etui\/\">\u00e9tui<\/a><\/li>\n<li><a href=\"https:\/\/albaicin.fr\/index.php\/etiquette-produit\/fermeture-eclair\/\">fermeture \u00e9clair<\/a><\/li>\n<li><a href=\"https:\/\/albaicin.fr\/index.php\/etiquette-produit\/fermoir\/\">fermoir<\/a><\/li>\n<li><a href=\"https:\/\/albaicin.fr\/index.php\/etiquette-produit\/gourde\/\">gourde<\/a><\/li>\n<li><a href=\"https:\/\/albaicin.fr\/index.php\/etiquette-produit\/grand-sac\/\">grand sac<\/a><\/li>\n<li><a href=\"https:\/\/albaicin.fr\/index.php\/etiquette-produit\/loxx\/\">loxx<\/a><\/li>\n<li><a href=\"https:\/\/albaicin.fr\/index.php\/etiquette-produit\/lunettes\/\">lunettes<\/a><\/li>\n<li><a href=\"https:\/\/albaicin.fr\/index.php\/etiquette-produit\/monnaie\/\">monnaie<\/a><\/li>\n<li><a href=\"https:\/\/albaicin.fr\/index.php\/etiquette-produit\/musette\/\">musette<\/a><\/li>\n<li><a href=\"https:\/\/albaicin.fr\/index.php\/etiquette-produit\/nubuck\/\">nubuck<\/a><\/li>\n<li><a href=\"https:\/\/albaicin.fr\/index.php\/etiquette-produit\/petit-sac\/\">petit sac<\/a><\/li>\n<li><a href=\"https:\/\/albaicin.fr\/index.php\/etiquette-produit\/plage\/\">plage<\/a><\/li>\n<li><a href=\"https:\/\/albaicin.fr\/index.php\/etiquette-produit\/poches\/\">poches<\/a><\/li>\n<li><a href=\"https:\/\/albaicin.fr\/index.php\/etiquette-produit\/pochette\/\">pochette<\/a><\/li>\n<li><a href=\"https:\/\/albaicin.fr\/index.php\/etiquette-produit\/polochon\/\">polochon<\/a><\/li>\n<li><a href=\"https:\/\/albaicin.fr\/index.php\/etiquette-produit\/porte-monnaie\/\">porte-monnaie<\/a><\/li>\n<li><a href=\"https:\/\/albaicin.fr\/index.php\/etiquette-produit\/portefeuille\/\">portefeuille<\/a><\/li>\n<li><a href=\"https:\/\/albaicin.fr\/index.php\/etiquette-produit\/pratique\/\">pratique<\/a><\/li>\n<li><a href=\"https:\/\/albaicin.fr\/index.php\/etiquette-produit\/proteger\/\">prot\u00e9ger<\/a><\/li>\n<li><a href=\"https:\/\/albaicin.fr\/index.php\/etiquette-produit\/randonnee\/\">randonn\u00e9e<\/a><\/li>\n<li><a href=\"https:\/\/albaicin.fr\/index.php\/etiquette-produit\/sac\/\">sac<\/a><\/li>\n<li><a href=\"https:\/\/albaicin.fr\/index.php\/etiquette-produit\/sac-a-dos\/\">sac \u00e0 dos<\/a><\/li>\n<li><a href=\"https:\/\/albaicin.fr\/index.php\/etiquette-produit\/sac-banane\/\">sac banane<\/a><\/li>\n<li><a href=\"https:\/\/albaicin.fr\/index.php\/etiquette-produit\/sac-bandouliere\/\">sac bandouli\u00e8re<\/a><\/li>\n<li><a href=\"https:\/\/albaicin.fr\/index.php\/etiquette-produit\/sacoche\/\">sacoche<\/a><\/li>\n<li><a href=\"https:\/\/albaicin.fr\/index.php\/etiquette-produit\/sacs\/\">sacs<\/a><\/li>\n<li><a href=\"https:\/\/albaicin.fr\/index.php\/etiquette-produit\/securite\/\">s\u00e9curit\u00e9<\/a><\/li>\n<li><a href=\"https:\/\/albaicin.fr\/index.php\/etiquette-produit\/soiree\/\">soir\u00e9e<\/a><\/li>\n<li><a href=\"https:\/\/albaicin.fr\/index.php\/etiquette-produit\/solaires\/\">solaires<\/a><\/li>\n<li><a href=\"https:\/\/albaicin.fr\/index.php\/etiquette-produit\/souple\/\">souple<\/a><\/li>\n<li><a href=\"https:\/\/albaicin.fr\/index.php\/etiquette-produit\/telephone\/\">t\u00e9l\u00e9phone<\/a><\/li>\n<li><a href=\"https:\/\/albaicin.fr\/index.php\/etiquette-produit\/tour-de-cou\/\">tour de cou<\/a><\/li>\n<li><a href=\"https:\/\/albaicin.fr\/index.php\/etiquette-produit\/yeux\/\">yeux<\/a><\/li>\n<\/ul>\n<h2 class=\"wsp-product_shipping_classs-title\">Classe d\u2019exp\u00e9dition du produit<\/h2>\n<ul class=\"wsp-product_shipping_classs-list\">\n<li><a href=\"https:\/\/albaicin.fr\/?taxonomy=product_shipping_class&amp;term=forfait-1\">Forfait 1<\/a><\/li>\n<li><a href=\"https:\/\/albaicin.fr\/?taxonomy=product_shipping_class&amp;term=forfait-2\">Forfait 2<\/a><\/li>\n<li><a href=\"https:\/\/albaicin.fr\/?taxonomy=product_shipping_class&amp;term=forfait-3\">Forfait 3<\/a><\/li>\n<\/ul>\n<\/div>[\/vc_column_text][\/vc_column][\/vc_row]\n<\/div>","protected":false},"excerpt":{"rendered":"<p>[vc_row][vc_column][vc_column_text][\/vc_column_text][\/vc_column][\/vc_row]<\/p>\n","protected":false},"author":1,"featured_media":23,"parent":0,"menu_order":0,"comment_status":"closed","ping_status":"closed","template":"page-fullwidth.php","meta":{"footnotes":""},"class_list":["post-8","page","type-page","status-publish","has-post-thumbnail","hentry"],"yoast_head":"<!-- This site is optimized with the Yoast SEO plugin v27.4 - https:\/\/yoast.com\/product\/yoast-seo-wordpress\/ -->\n<title>Le plan du site permet d&#039;acc\u00e9der aux pages des produits<\/title>\n<meta name=\"description\" content=\"Plan du site albaicin pour acc\u00e9der aux pages des produits. Maroquinerie artisanale en Finist\u00e8re sud. Sacs bananes, \u00e9tuis et pochettes.\" \/>\n<meta name=\"robots\" content=\"index, follow, max-snippet:-1, max-image-preview:large, max-video-preview:-1\" \/>\n<link rel=\"canonical\" href=\"https:\/\/albaicin.fr\/index.php\/plan-site-albaicin\/\" \/>\n<meta property=\"og:locale\" content=\"fr_FR\" \/>\n<meta property=\"og:type\" content=\"article\" \/>\n<meta property=\"og:title\" content=\"Le plan du site permet d&#039;acc\u00e9der aux pages des produits\" \/>\n<meta property=\"og:description\" content=\"Plan du site albaicin pour acc\u00e9der aux pages des produits. Maroquinerie artisanale en Finist\u00e8re sud. Sacs bananes, \u00e9tuis et pochettes.\" \/>\n<meta property=\"og:url\" content=\"https:\/\/albaicin.fr\/index.php\/plan-site-albaicin\/\" \/>\n<meta property=\"og:site_name\" content=\"albaicin\" \/>\n<meta property=\"article:modified_time\" content=\"2025-07-22T15:38:23+00:00\" \/>\n<meta property=\"og:image\" content=\"https:\/\/albaicin.fr\/wp-content\/uploads\/2021\/10\/Plan-du-site.png\" \/>\n\t<meta property=\"og:image:width\" content=\"384\" \/>\n\t<meta property=\"og:image:height\" content=\"384\" \/>\n\t<meta property=\"og:image:type\" content=\"image\/png\" \/>\n<meta name=\"twitter:card\" content=\"summary_large_image\" \/>\n<meta name=\"twitter:label1\" content=\"Dur\u00e9e de lecture estim\u00e9e\" \/>\n\t<meta name=\"twitter:data1\" content=\"1 minute\" \/>\n<script type=\"application\/ld+json\" class=\"yoast-schema-graph\">{\"@context\":\"https:\\\/\\\/schema.org\",\"@graph\":[{\"@type\":\"WebPage\",\"@id\":\"https:\\\/\\\/albaicin.fr\\\/index.php\\\/plan-site-albaicin\\\/\",\"url\":\"https:\\\/\\\/albaicin.fr\\\/index.php\\\/plan-site-albaicin\\\/\",\"name\":\"Le plan du site permet d'acc\u00e9der aux pages des produits\",\"isPartOf\":{\"@id\":\"https:\\\/\\\/albaicin.fr\\\/#website\"},\"primaryImageOfPage\":{\"@id\":\"https:\\\/\\\/albaicin.fr\\\/index.php\\\/plan-site-albaicin\\\/#primaryimage\"},\"image\":{\"@id\":\"https:\\\/\\\/albaicin.fr\\\/index.php\\\/plan-site-albaicin\\\/#primaryimage\"},\"thumbnailUrl\":\"https:\\\/\\\/albaicin.fr\\\/wp-content\\\/uploads\\\/2021\\\/10\\\/Plan-du-site.png\",\"datePublished\":\"2021-10-14T14:10:36+00:00\",\"dateModified\":\"2025-07-22T15:38:23+00:00\",\"description\":\"Plan du site albaicin pour acc\u00e9der aux pages des produits. Maroquinerie artisanale en Finist\u00e8re sud. Sacs bananes, \u00e9tuis et pochettes.\",\"breadcrumb\":{\"@id\":\"https:\\\/\\\/albaicin.fr\\\/index.php\\\/plan-site-albaicin\\\/#breadcrumb\"},\"inLanguage\":\"fr-FR\",\"potentialAction\":[{\"@type\":\"ReadAction\",\"target\":[\"https:\\\/\\\/albaicin.fr\\\/index.php\\\/plan-site-albaicin\\\/\"]}]},{\"@type\":\"ImageObject\",\"inLanguage\":\"fr-FR\",\"@id\":\"https:\\\/\\\/albaicin.fr\\\/index.php\\\/plan-site-albaicin\\\/#primaryimage\",\"url\":\"https:\\\/\\\/albaicin.fr\\\/wp-content\\\/uploads\\\/2021\\\/10\\\/Plan-du-site.png\",\"contentUrl\":\"https:\\\/\\\/albaicin.fr\\\/wp-content\\\/uploads\\\/2021\\\/10\\\/Plan-du-site.png\",\"width\":384,\"height\":384,\"caption\":\"Plan pages\"},{\"@type\":\"BreadcrumbList\",\"@id\":\"https:\\\/\\\/albaicin.fr\\\/index.php\\\/plan-site-albaicin\\\/#breadcrumb\",\"itemListElement\":[{\"@type\":\"ListItem\",\"position\":1,\"name\":\"Accueil\",\"item\":\"https:\\\/\\\/albaicin.fr\\\/\"},{\"@type\":\"ListItem\",\"position\":2,\"name\":\"Plan du site\"}]},{\"@type\":\"WebSite\",\"@id\":\"https:\\\/\\\/albaicin.fr\\\/#website\",\"url\":\"https:\\\/\\\/albaicin.fr\\\/\",\"name\":\"albaicin\",\"description\":\"Un site utilisant WordPress\",\"potentialAction\":[{\"@type\":\"SearchAction\",\"target\":{\"@type\":\"EntryPoint\",\"urlTemplate\":\"https:\\\/\\\/albaicin.fr\\\/?s={search_term_string}\"},\"query-input\":{\"@type\":\"PropertyValueSpecification\",\"valueRequired\":true,\"valueName\":\"search_term_string\"}}],\"inLanguage\":\"fr-FR\"}]}<\/script>\n<!-- \/ Yoast SEO plugin. -->","yoast_head_json":{"title":"Le plan du site permet d'acc\u00e9der aux pages des produits","description":"Plan du site albaicin pour acc\u00e9der aux pages des produits. Maroquinerie artisanale en Finist\u00e8re sud. Sacs bananes, \u00e9tuis et pochettes.","robots":{"index":"index","follow":"follow","max-snippet":"max-snippet:-1","max-image-preview":"max-image-preview:large","max-video-preview":"max-video-preview:-1"},"canonical":"https:\/\/albaicin.fr\/index.php\/plan-site-albaicin\/","og_locale":"fr_FR","og_type":"article","og_title":"Le plan du site permet d'acc\u00e9der aux pages des produits","og_description":"Plan du site albaicin pour acc\u00e9der aux pages des produits. Maroquinerie artisanale en Finist\u00e8re sud. Sacs bananes, \u00e9tuis et pochettes.","og_url":"https:\/\/albaicin.fr\/index.php\/plan-site-albaicin\/","og_site_name":"albaicin","article_modified_time":"2025-07-22T15:38:23+00:00","og_image":[{"width":384,"height":384,"url":"https:\/\/albaicin.fr\/wp-content\/uploads\/2021\/10\/Plan-du-site.png","type":"image\/png"}],"twitter_card":"summary_large_image","twitter_misc":{"Dur\u00e9e de lecture estim\u00e9e":"1 minute"},"schema":{"@context":"https:\/\/schema.org","@graph":[{"@type":"WebPage","@id":"https:\/\/albaicin.fr\/index.php\/plan-site-albaicin\/","url":"https:\/\/albaicin.fr\/index.php\/plan-site-albaicin\/","name":"Le plan du site permet d'acc\u00e9der aux pages des produits","isPartOf":{"@id":"https:\/\/albaicin.fr\/#website"},"primaryImageOfPage":{"@id":"https:\/\/albaicin.fr\/index.php\/plan-site-albaicin\/#primaryimage"},"image":{"@id":"https:\/\/albaicin.fr\/index.php\/plan-site-albaicin\/#primaryimage"},"thumbnailUrl":"https:\/\/albaicin.fr\/wp-content\/uploads\/2021\/10\/Plan-du-site.png","datePublished":"2021-10-14T14:10:36+00:00","dateModified":"2025-07-22T15:38:23+00:00","description":"Plan du site albaicin pour acc\u00e9der aux pages des produits. Maroquinerie artisanale en Finist\u00e8re sud. Sacs bananes, \u00e9tuis et pochettes.","breadcrumb":{"@id":"https:\/\/albaicin.fr\/index.php\/plan-site-albaicin\/#breadcrumb"},"inLanguage":"fr-FR","potentialAction":[{"@type":"ReadAction","target":["https:\/\/albaicin.fr\/index.php\/plan-site-albaicin\/"]}]},{"@type":"ImageObject","inLanguage":"fr-FR","@id":"https:\/\/albaicin.fr\/index.php\/plan-site-albaicin\/#primaryimage","url":"https:\/\/albaicin.fr\/wp-content\/uploads\/2021\/10\/Plan-du-site.png","contentUrl":"https:\/\/albaicin.fr\/wp-content\/uploads\/2021\/10\/Plan-du-site.png","width":384,"height":384,"caption":"Plan pages"},{"@type":"BreadcrumbList","@id":"https:\/\/albaicin.fr\/index.php\/plan-site-albaicin\/#breadcrumb","itemListElement":[{"@type":"ListItem","position":1,"name":"Accueil","item":"https:\/\/albaicin.fr\/"},{"@type":"ListItem","position":2,"name":"Plan du site"}]},{"@type":"WebSite","@id":"https:\/\/albaicin.fr\/#website","url":"https:\/\/albaicin.fr\/","name":"albaicin","description":"Un site utilisant WordPress","potentialAction":[{"@type":"SearchAction","target":{"@type":"EntryPoint","urlTemplate":"https:\/\/albaicin.fr\/?s={search_term_string}"},"query-input":{"@type":"PropertyValueSpecification","valueRequired":true,"valueName":"search_term_string"}}],"inLanguage":"fr-FR"}]}},"_links":{"self":[{"href":"https:\/\/albaicin.fr\/index.php\/wp-json\/wp\/v2\/pages\/8","targetHints":{"allow":["GET"]}}],"collection":[{"href":"https:\/\/albaicin.fr\/index.php\/wp-json\/wp\/v2\/pages"}],"about":[{"href":"https:\/\/albaicin.fr\/index.php\/wp-json\/wp\/v2\/types\/page"}],"author":[{"embeddable":true,"href":"https:\/\/albaicin.fr\/index.php\/wp-json\/wp\/v2\/users\/1"}],"replies":[{"embeddable":true,"href":"https:\/\/albaicin.fr\/index.php\/wp-json\/wp\/v2\/comments?post=8"}],"version-history":[{"count":7,"href":"https:\/\/albaicin.fr\/index.php\/wp-json\/wp\/v2\/pages\/8\/revisions"}],"predecessor-version":[{"id":9147,"href":"https:\/\/albaicin.fr\/index.php\/wp-json\/wp\/v2\/pages\/8\/revisions\/9147"}],"wp:featuredmedia":[{"embeddable":true,"href":"https:\/\/albaicin.fr\/index.php\/wp-json\/wp\/v2\/media\/23"}],"wp:attachment":[{"href":"https:\/\/albaicin.fr\/index.php\/wp-json\/wp\/v2\/media?parent=8"}],"curies":[{"name":"wp","href":"https:\/\/api.w.org\/{rel}","templated":true}]}}