{"id":9497,"date":"2022-05-01T17:22:23","date_gmt":"2022-05-01T15:22:23","guid":{"rendered":"https:\/\/albaicin.fr\/?page_id=9497"},"modified":"2025-07-22T18:33:23","modified_gmt":"2025-07-22T16:33:23","slug":"petit-sac-ceinture","status":"publish","type":"page","link":"https:\/\/albaicin.fr\/index.php\/petit-sac-ceinture\/","title":{"rendered":"SUAVE"},"content":{"rendered":"<div class=\"wpb-content-wrapper\">[vc_row][vc_column][\/vc_column][\/vc_row][vc_section][vc_row][vc_column][vc_column_text]\n<h3><span style=\"color: #811013;\">Petit sac port\u00e9 \u00e0 la ceinture, en travers du corps ou en bandouli\u00e8re : le SUAVE<\/span><\/h3>\n[\/vc_column_text][\/vc_column][\/vc_row][\/vc_section][vc_row gap=\u00a0\u00bb4&Prime;][vc_column width=\u00a0\u00bb2\/3&Prime;][vc_media_grid gap=\u00a0\u00bb10&Prime; css=\u00a0\u00bb\u00a0\u00bb grid_id=\u00a0\u00bbvc_gid:1733394033049-a2fd4751db0585e7c902543f30f5b2c0-2&Prime; include=\u00a0\u00bb10046,10045,10044,10033,10031,10032,10042,10040,10039,10038,10034,10030,10029,10043,10028,10027,10037,10035,10036,10041,9905,9904,9771,11581&Prime;][\/vc_column][vc_column width=\u00a0\u00bb1\/3&Prime;][vc_separator color=\u00a0\u00bbcustom\u00a0\u00bb border_width=\u00a0\u00bb2&Prime; accent_color=\u00a0\u00bb#811013&Prime;][vc_column_text css=\u00a0\u00bb\u00a0\u00bb]\n<h5><span style=\"color: #811013;\">Petit sac r\u00e9alis\u00e9 dans des cuirs souples et moelleux<\/span><\/h5>\n<p style=\"text-align: justify;\">SUAVE signifie \u00ab\u00a0doux\u00a0\u00bb \u00ab\u00a0moelleux\u00a0\u00bb en espagnol.<\/p>\n<p style=\"text-align: justify;\">Le petit format est suffisant pour contenir vos essentiels.<\/p>\n<p style=\"text-align: justify;\">Plac\u00e9 \u00e0 la ceinture ou en travers du corps, il ne g\u00eane pas vos mouvements<\/p>\n<p style=\"text-align: justify;\">Cette gamme offre un large choix d&rsquo;associations de couleurs, souvent audacieuses et pimpantes mais plus sobres aussi.<\/p>\n<p style=\"text-align: justify;\">La bandouli\u00e8re amovible permet de transformer le sac en pochette, pour le placer dans un cabas par exemple.<\/p>\n[\/vc_column_text][vc_separator color=\u00a0\u00bbcustom\u00a0\u00bb border_width=\u00a0\u00bb2&Prime; accent_color=\u00a0\u00bb#811013&Prime;][vc_column_text css=\u00a0\u00bb\u00a0\u00bb]\n<h5><span style=\"color: #811013;\">D\u00e9tails SUAVE :<\/span><\/h5>\n<p><strong>Dimensions de la poche principale<\/strong> : L 21cm x H 12 cm \u2013 Epaisseur 6 cm<\/p>\n<p><strong>Fermeture<\/strong> par bouton de col en acier nickel\u00e9<\/p>\n<p><strong>Poche suppl\u00e9mentaire<\/strong> plaqu\u00e9e \u00e0 l\u2019int\u00e9rieur<\/p>\n<p><strong>Bandouli\u00e8re<\/strong> de 1,30 m\u00e8tre de sangle textile \u00e9paisse<\/p>\n<ul>\n<li>r\u00e9glable et d\u00e9tachable gr\u00e2ce \u00e0 ses mousquetons en zamac<\/li>\n<li>2 passants cousus en cuir<\/li>\n<\/ul>\n<p><strong>Mati\u00e8res<\/strong> : cuir de vachette ou veau \u00ab pleine fleur \u00bb grainage naturel ou lisse \/ ch\u00e8vre grainage naturel &#8211; Origine France et Italie<\/p>\n<p>Conception et montage complet r\u00e9alis\u00e9s dans mon atelier de <a href=\"https:\/\/g.co\/kgs\/5F8KUMY\" target=\"_blank\" rel=\"noopener\">Plomeur (29120)<\/a><\/p>\n<p><a href=\"https:\/\/albaicin.fr\/index.php\/produit\/sac-moelleux\/\" target=\"_blank\" rel=\"noopener\">Trouver Suave dans ma boutique en ligne<\/a><\/p>\n<p>O\u00f9 soumettez-moi vos envies d&rsquo;association en remplissant le <a href=\"https:\/\/albaicin.fr\/index.php\/creations-marches\/\" target=\"_blank\" rel=\"noopener\">formulaire de contact<\/a>.[\/vc_column_text][vc_separator color=\u00a0\u00bbcustom\u00a0\u00bb border_width=\u00a0\u00bb2&Prime; accent_color=\u00a0\u00bb#811013&Prime;][vc_column_text]\n<h5><span style=\"color: #811013;\">Votre SUAVE personnalis\u00e9 <\/span><\/h5>\n<p>Vous souhaitez une association de couleurs particuli\u00e8re ? C&rsquo;est possible, en me laissant un message sur la fiche contact : <a href=\"https:\/\/albaicin.fr\/index.php\/albaicin-creations-artisanales-maroquinerie-atelier-cuir-pochettes-sacs-artisan-mode\/\">\u00ab\u00a0O\u00f9 trouver nos cr\u00e9ations\u00a0\u00bb<\/a>[\/vc_column_text][\/vc_column][\/vc_row][vc_row][vc_column][vc_separator color=\u00a0\u00bbcustom\u00a0\u00bb border_width=\u00a0\u00bb2&Prime; accent_color=\u00a0\u00bb#811013&Prime;][\/vc_column][\/vc_row][vc_row content_placement=\u00a0\u00bbmiddle\u00a0\u00bb][vc_column width=\u00a0\u00bb1\/6&Prime;][\/vc_column][vc_column width=\u00a0\u00bb2\/3&Prime;][vc_column_text]\n<p style=\"text-align: center;\">Cr\u00e9ations r\u00e9alis\u00e9es dans des cuirs pleine fleur avec une finition aniline ou semi-aniline ou l\u00e9g\u00e8rement pigment\u00e9e.<\/p>\n<p style=\"text-align: center;\">Afin de limiter les co\u00fbts et privil\u00e9gier le recyclage, de belles chutes de cuir ont \u00e9t\u00e9 utilis\u00e9es.<\/p>\n<p style=\"text-align: center;\">Le grand soin apport\u00e9 aux finitions assure la long\u00e9vit\u00e9 des produits.<\/p>\n<p style=\"text-align: center;\">La plupart des associations \u00e9tant uniques, nos \u00e9ditions sont limit\u00e9es.<\/p>\n[\/vc_column_text][\/vc_column][vc_column width=\u00a0\u00bb1\/6&Prime;][\/vc_column][\/vc_row][vc_row][vc_column][vc_separator color=\u00a0\u00bbcustom\u00a0\u00bb border_width=\u00a0\u00bb2&Prime; accent_color=\u00a0\u00bb#811013&Prime;][\/vc_column][\/vc_row]\n<\/div>","protected":false},"excerpt":{"rendered":"<p>[vc_row][vc_column][\/vc_column][\/vc_row][vc_section][vc_row][vc_column][vc_column_text] Petit sac port\u00e9 \u00e0 la ceinture, en travers du corps ou en bandouli\u00e8re : le SUAVE [\/vc_column_text][\/vc_column][\/vc_row][\/vc_section][vc_row gap=\u00a0\u00bb4&Prime;][vc_column width=\u00a0\u00bb2\/3&Prime;][vc_media_grid gap=\u00a0\u00bb10&Prime; css=\u00a0\u00bb\u00a0\u00bb grid_id=\u00a0\u00bbvc_gid:1733394033049-a2fd4751db0585e7c902543f30f5b2c0-2&Prime; include=\u00a0\u00bb10046,10045,10044,10033,10031,10032,10042,10040,10039,10038,10034,10030,10029,10043,10028,10027,10037,10035,10036,10041,9905,9904,9771,11581&Prime;][\/vc_column][vc_column width=\u00a0\u00bb1\/3&Prime;][vc_separator color=\u00a0\u00bbcustom\u00a0\u00bb border_width=\u00a0\u00bb2&Prime; accent_color=\u00a0\u00bb#811013&Prime;][vc_column_text css=\u00a0\u00bb\u00a0\u00bb] Petit sac r\u00e9alis\u00e9 dans des cuirs souples et moelleux SUAVE signifie &hellip; <a class=\"kt-excerpt-readmore\" href=\"https:\/\/albaicin.fr\/index.php\/petit-sac-ceinture\/\" aria-label=\"SUAVE\">Lire plus<\/a><\/p>\n","protected":false},"author":1,"featured_media":9435,"parent":0,"menu_order":0,"comment_status":"closed","ping_status":"closed","template":"page-fullwidth.php","meta":{"footnotes":""},"class_list":["post-9497","page","type-page","status-publish","has-post-thumbnail","hentry"],"yoast_head":"<!-- This site is optimized with the Yoast SEO plugin v27.4 - https:\/\/yoast.com\/product\/yoast-seo-wordpress\/ -->\n<title>Petit sac ceinture r\u00e9alis\u00e9 dans des cuirs moelleux et souples.<\/title>\n<meta name=\"description\" content=\"Ce petit sac est r\u00e9alis\u00e9 dans des cuirs de vachette pleine fleur, grainage naturel. Port \u00e0 la ceinture, \u00e0 l&#039;\u00e9paule ou en travers du corps.\" \/>\n<meta name=\"robots\" content=\"index, follow, max-snippet:-1, max-image-preview:large, max-video-preview:-1\" \/>\n<link rel=\"canonical\" href=\"https:\/\/albaicin.fr\/index.php\/petit-sac-ceinture\/\" \/>\n<meta property=\"og:locale\" content=\"fr_FR\" \/>\n<meta property=\"og:type\" content=\"article\" \/>\n<meta property=\"og:title\" content=\"Petit sac ceinture r\u00e9alis\u00e9 dans des cuirs moelleux et souples.\" \/>\n<meta property=\"og:description\" content=\"Ce petit sac est r\u00e9alis\u00e9 dans des cuirs de vachette pleine fleur, grainage naturel. Port \u00e0 la ceinture, \u00e0 l&#039;\u00e9paule ou en travers du corps.\" \/>\n<meta property=\"og:url\" content=\"https:\/\/albaicin.fr\/index.php\/petit-sac-ceinture\/\" \/>\n<meta property=\"og:site_name\" content=\"albaicin\" \/>\n<meta property=\"article:modified_time\" content=\"2025-07-22T16:33:23+00:00\" \/>\n<meta property=\"og:image\" content=\"https:\/\/albaicin.fr\/wp-content\/uploads\/2022\/04\/IMG_3811.jpeg\" \/>\n\t<meta property=\"og:image:width\" content=\"600\" \/>\n\t<meta property=\"og:image:height\" content=\"800\" \/>\n\t<meta property=\"og:image:type\" content=\"image\/jpeg\" \/>\n<meta name=\"twitter:card\" content=\"summary_large_image\" \/>\n<meta name=\"twitter:label1\" content=\"Dur\u00e9e de lecture estim\u00e9e\" \/>\n\t<meta name=\"twitter:data1\" content=\"2 minutes\" \/>\n<script type=\"application\/ld+json\" class=\"yoast-schema-graph\">{\"@context\":\"https:\\\/\\\/schema.org\",\"@graph\":[{\"@type\":\"WebPage\",\"@id\":\"https:\\\/\\\/albaicin.fr\\\/index.php\\\/petit-sac-ceinture\\\/\",\"url\":\"https:\\\/\\\/albaicin.fr\\\/index.php\\\/petit-sac-ceinture\\\/\",\"name\":\"Petit sac ceinture r\u00e9alis\u00e9 dans des cuirs moelleux et souples.\",\"isPartOf\":{\"@id\":\"https:\\\/\\\/albaicin.fr\\\/#website\"},\"primaryImageOfPage\":{\"@id\":\"https:\\\/\\\/albaicin.fr\\\/index.php\\\/petit-sac-ceinture\\\/#primaryimage\"},\"image\":{\"@id\":\"https:\\\/\\\/albaicin.fr\\\/index.php\\\/petit-sac-ceinture\\\/#primaryimage\"},\"thumbnailUrl\":\"https:\\\/\\\/albaicin.fr\\\/wp-content\\\/uploads\\\/2022\\\/04\\\/IMG_3811.jpeg\",\"datePublished\":\"2022-05-01T15:22:23+00:00\",\"dateModified\":\"2025-07-22T16:33:23+00:00\",\"description\":\"Ce petit sac est r\u00e9alis\u00e9 dans des cuirs de vachette pleine fleur, grainage naturel. Port \u00e0 la ceinture, \u00e0 l'\u00e9paule ou en travers du corps.\",\"breadcrumb\":{\"@id\":\"https:\\\/\\\/albaicin.fr\\\/index.php\\\/petit-sac-ceinture\\\/#breadcrumb\"},\"inLanguage\":\"fr-FR\",\"potentialAction\":[{\"@type\":\"ReadAction\",\"target\":[\"https:\\\/\\\/albaicin.fr\\\/index.php\\\/petit-sac-ceinture\\\/\"]}]},{\"@type\":\"ImageObject\",\"inLanguage\":\"fr-FR\",\"@id\":\"https:\\\/\\\/albaicin.fr\\\/index.php\\\/petit-sac-ceinture\\\/#primaryimage\",\"url\":\"https:\\\/\\\/albaicin.fr\\\/wp-content\\\/uploads\\\/2022\\\/04\\\/IMG_3811.jpeg\",\"contentUrl\":\"https:\\\/\\\/albaicin.fr\\\/wp-content\\\/uploads\\\/2022\\\/04\\\/IMG_3811.jpeg\",\"width\":600,\"height\":800,\"caption\":\"petit sac ceinture\"},{\"@type\":\"BreadcrumbList\",\"@id\":\"https:\\\/\\\/albaicin.fr\\\/index.php\\\/petit-sac-ceinture\\\/#breadcrumb\",\"itemListElement\":[{\"@type\":\"ListItem\",\"position\":1,\"name\":\"Accueil\",\"item\":\"https:\\\/\\\/albaicin.fr\\\/\"},{\"@type\":\"ListItem\",\"position\":2,\"name\":\"SUAVE\"}]},{\"@type\":\"WebSite\",\"@id\":\"https:\\\/\\\/albaicin.fr\\\/#website\",\"url\":\"https:\\\/\\\/albaicin.fr\\\/\",\"name\":\"albaicin\",\"description\":\"Un site utilisant WordPress\",\"potentialAction\":[{\"@type\":\"SearchAction\",\"target\":{\"@type\":\"EntryPoint\",\"urlTemplate\":\"https:\\\/\\\/albaicin.fr\\\/?s={search_term_string}\"},\"query-input\":{\"@type\":\"PropertyValueSpecification\",\"valueRequired\":true,\"valueName\":\"search_term_string\"}}],\"inLanguage\":\"fr-FR\"}]}<\/script>\n<!-- \/ Yoast SEO plugin. -->","yoast_head_json":{"title":"Petit sac ceinture r\u00e9alis\u00e9 dans des cuirs moelleux et souples.","description":"Ce petit sac est r\u00e9alis\u00e9 dans des cuirs de vachette pleine fleur, grainage naturel. Port \u00e0 la ceinture, \u00e0 l'\u00e9paule ou en travers du corps.","robots":{"index":"index","follow":"follow","max-snippet":"max-snippet:-1","max-image-preview":"max-image-preview:large","max-video-preview":"max-video-preview:-1"},"canonical":"https:\/\/albaicin.fr\/index.php\/petit-sac-ceinture\/","og_locale":"fr_FR","og_type":"article","og_title":"Petit sac ceinture r\u00e9alis\u00e9 dans des cuirs moelleux et souples.","og_description":"Ce petit sac est r\u00e9alis\u00e9 dans des cuirs de vachette pleine fleur, grainage naturel. Port \u00e0 la ceinture, \u00e0 l'\u00e9paule ou en travers du corps.","og_url":"https:\/\/albaicin.fr\/index.php\/petit-sac-ceinture\/","og_site_name":"albaicin","article_modified_time":"2025-07-22T16:33:23+00:00","og_image":[{"width":600,"height":800,"url":"https:\/\/albaicin.fr\/wp-content\/uploads\/2022\/04\/IMG_3811.jpeg","type":"image\/jpeg"}],"twitter_card":"summary_large_image","twitter_misc":{"Dur\u00e9e de lecture estim\u00e9e":"2 minutes"},"schema":{"@context":"https:\/\/schema.org","@graph":[{"@type":"WebPage","@id":"https:\/\/albaicin.fr\/index.php\/petit-sac-ceinture\/","url":"https:\/\/albaicin.fr\/index.php\/petit-sac-ceinture\/","name":"Petit sac ceinture r\u00e9alis\u00e9 dans des cuirs moelleux et souples.","isPartOf":{"@id":"https:\/\/albaicin.fr\/#website"},"primaryImageOfPage":{"@id":"https:\/\/albaicin.fr\/index.php\/petit-sac-ceinture\/#primaryimage"},"image":{"@id":"https:\/\/albaicin.fr\/index.php\/petit-sac-ceinture\/#primaryimage"},"thumbnailUrl":"https:\/\/albaicin.fr\/wp-content\/uploads\/2022\/04\/IMG_3811.jpeg","datePublished":"2022-05-01T15:22:23+00:00","dateModified":"2025-07-22T16:33:23+00:00","description":"Ce petit sac est r\u00e9alis\u00e9 dans des cuirs de vachette pleine fleur, grainage naturel. Port \u00e0 la ceinture, \u00e0 l'\u00e9paule ou en travers du corps.","breadcrumb":{"@id":"https:\/\/albaicin.fr\/index.php\/petit-sac-ceinture\/#breadcrumb"},"inLanguage":"fr-FR","potentialAction":[{"@type":"ReadAction","target":["https:\/\/albaicin.fr\/index.php\/petit-sac-ceinture\/"]}]},{"@type":"ImageObject","inLanguage":"fr-FR","@id":"https:\/\/albaicin.fr\/index.php\/petit-sac-ceinture\/#primaryimage","url":"https:\/\/albaicin.fr\/wp-content\/uploads\/2022\/04\/IMG_3811.jpeg","contentUrl":"https:\/\/albaicin.fr\/wp-content\/uploads\/2022\/04\/IMG_3811.jpeg","width":600,"height":800,"caption":"petit sac ceinture"},{"@type":"BreadcrumbList","@id":"https:\/\/albaicin.fr\/index.php\/petit-sac-ceinture\/#breadcrumb","itemListElement":[{"@type":"ListItem","position":1,"name":"Accueil","item":"https:\/\/albaicin.fr\/"},{"@type":"ListItem","position":2,"name":"SUAVE"}]},{"@type":"WebSite","@id":"https:\/\/albaicin.fr\/#website","url":"https:\/\/albaicin.fr\/","name":"albaicin","description":"Un site utilisant WordPress","potentialAction":[{"@type":"SearchAction","target":{"@type":"EntryPoint","urlTemplate":"https:\/\/albaicin.fr\/?s={search_term_string}"},"query-input":{"@type":"PropertyValueSpecification","valueRequired":true,"valueName":"search_term_string"}}],"inLanguage":"fr-FR"}]}},"_links":{"self":[{"href":"https:\/\/albaicin.fr\/index.php\/wp-json\/wp\/v2\/pages\/9497","targetHints":{"allow":["GET"]}}],"collection":[{"href":"https:\/\/albaicin.fr\/index.php\/wp-json\/wp\/v2\/pages"}],"about":[{"href":"https:\/\/albaicin.fr\/index.php\/wp-json\/wp\/v2\/types\/page"}],"author":[{"embeddable":true,"href":"https:\/\/albaicin.fr\/index.php\/wp-json\/wp\/v2\/users\/1"}],"replies":[{"embeddable":true,"href":"https:\/\/albaicin.fr\/index.php\/wp-json\/wp\/v2\/comments?post=9497"}],"version-history":[{"count":47,"href":"https:\/\/albaicin.fr\/index.php\/wp-json\/wp\/v2\/pages\/9497\/revisions"}],"predecessor-version":[{"id":11980,"href":"https:\/\/albaicin.fr\/index.php\/wp-json\/wp\/v2\/pages\/9497\/revisions\/11980"}],"wp:featuredmedia":[{"embeddable":true,"href":"https:\/\/albaicin.fr\/index.php\/wp-json\/wp\/v2\/media\/9435"}],"wp:attachment":[{"href":"https:\/\/albaicin.fr\/index.php\/wp-json\/wp\/v2\/media?parent=9497"}],"curies":[{"name":"wp","href":"https:\/\/api.w.org\/{rel}","templated":true}]}}