{"id":10818,"date":"2023-11-15T13:41:57","date_gmt":"2023-11-15T12:41:57","guid":{"rendered":"https:\/\/albaicin.fr\/?post_type=product&#038;p=10818"},"modified":"2025-07-22T19:17:39","modified_gmt":"2025-07-22T17:17:39","slug":"polochon","status":"publish","type":"product","link":"https:\/\/albaicin.fr\/index.php\/produit\/polochon\/","title":{"rendered":"Paulo"},"content":{"rendered":"<h3>Sac Polochon Paulo \u2013 Originalit\u00e9 pratique<\/h3>\n<p>D\u00e9couvrez Paulo, un sac polochon revisit\u00e9 qui allie \u00e9l\u00e9gance et fonctionnalit\u00e9. Gr\u00e2ce \u00e0 son design polyvalent, il se porte aussi bien en sac \u00e0 dos qu\u2019en travers du corps, s\u2019adaptant \u00e0 toutes vos aventures quotidiennes.<\/p>\n<p>Fabriqu\u00e9 dans un cuir \u00e9pais mais moelleux, Paulo offre un toucher doux et une durabilit\u00e9 exceptionnelle. Ses bandes lat\u00e9rales contrast\u00e9es ajoutent une touche d\u2019originalit\u00e9 unique, faisant de ce sac polochon un accessoire \u00e0 la fois pratique et styl\u00e9.<\/p>\n<h3>Caract\u00e9ristiques principales :<\/h3>\n<ul>\n<li><strong>Ouverture double<\/strong> : comme tout bon sac polochon, il s\u2019ouvre par un cordon de serrage au sommet, en paracord robuste et harmonis\u00e9 aux couleurs principales et secondaires. Mais l\u2019ing\u00e9niosit\u00e9 de Paulo r\u00e9side dans sa seconde ouverture lat\u00e9rale zipp\u00e9e de 20 cm, plac\u00e9e \u00e0 l\u2019arri\u00e8re du sac, pour un acc\u00e8s rapide et pratique \u00e0 son contenu sans avoir \u00e0 ouvrir le haut.<\/li>\n<li><strong>Pochette int\u00e9rieure amovible<\/strong> : pour s\u00e9curiser vos petits objets, papiers ou cl\u00e9s, une pochette int\u00e9rieure, fix\u00e9e par un mousqueton, est incluse.<\/li>\n<li><strong>Bandouli\u00e8re r\u00e9glable<\/strong> : le cordon soyeux et r\u00e9sistant est ajustable gr\u00e2ce \u00e0 des serre-cordons en cuir, permettant un port confortable et sur-mesure.<\/li>\n<\/ul>\n<h3>Dimensions :<\/h3>\n<ul>\n<li>Poche principale : Hauteur 34 cm x Largeur 21 cm<\/li>\n<li>Fermeture lat\u00e9rale : 20 cm<\/li>\n<\/ul>\n<h3>Mat\u00e9riaux :<\/h3>\n<ul>\n<li>Cuir pleine fleur de vachette ou de veau, provenant de tanneries fran\u00e7aises et italiennes.<\/li>\n<li>Cordon en paracord, robuste et \u00e9l\u00e9gant, avec arr\u00eats en cuir.<\/li>\n<\/ul>\n<p>Laissez vous s\u00e9duire par Paulo, le sac polochon id\u00e9al pour allier style et praticit\u00e9 au quotidien.<\/p>\n<h3>Personnalisation sur demande :<\/h3>\n<p>Envie d\u2019une association de couleurs particuli\u00e8re ? <a href=\"https:\/\/albaicin.fr\/index.php\/creations-marches\/\" target=\"_blank\" rel=\"noopener\">Contactez moi<\/a> et je serai ravie de cr\u00e9er un mod\u00e8le sur-mesure, adapt\u00e9 \u00e0 vos envies.<\/p>\n<p>Abonnez-vous afin de recevoir la Newsletter et b\u00e9n\u00e9ficier des promotions !<\/p>\n<p>&nbsp;<\/p>\n<p><strong>Le petit plus<\/strong> : chaque polochon est livr\u00e9 dans un pochon en coton sigl\u00e9 et lavable, parfait pour le rangement ou le transport.<\/p>\n<p>&nbsp;<\/p>\n<p>Conception et montage complet r\u00e9alis\u00e9s dans <a href=\"https:\/\/g.co\/kgs\/5F8KUMY\" target=\"_blank\" rel=\"noopener\">mon atelier de Plomeur (29120)<\/a><\/p>\n<p>&nbsp;<\/p>\n<p><strong>Note importante :<\/strong><\/p>\n<p>Malgr\u00e9 le soin apport\u00e9 aux prises de vue, un l\u00e9ger d\u00e9calage de couleur peux \u00eatre constat\u00e9 entre le produit physique et son apparence num\u00e9rique.<\/p>\n<hr \/>\n<p><a href=\"https:\/\/albaicin.fr\/index.php\/conditions-generales-vente\/\" target=\"_blank\" rel=\"noopener\"><span style=\"vertical-align: inherit;\">Consulter les CGV<\/span><\/a><\/p>\n<p><a href=\"https:\/\/albaicin.fr\/index.php\/albaicin-creations-artisanales-maroquinerie-atelier-cuir-pochettes-sacs-artisan-mode\/\"><span style=\"vertical-align: inherit;\">O\u00f9 trouver SUAVE en Finist\u00e8re sud ?<\/span><\/a><\/p>\n","protected":false},"excerpt":{"rendered":"<p>Un beau volume pour ce superbe polochon 2 tons.<\/p>\n<p>Vous pourrez embarquer l&rsquo;essentiel et plus encore, sur votre dos.<\/p>\n<p><span style=\"color: #ffffff;\">[hr style=\"line\" size=\"1px\"]<\/span>&hellip; <a class=\"kt-excerpt-readmore\" href=\"https:\/\/albaicin.fr\/index.php\/produit\/polochon\/\" aria-label=\"Paulo\">Lire plus<\/a><\/p>\n","protected":false},"featured_media":11298,"comment_status":"closed","ping_status":"closed","template":"","meta":[],"product_brand":[],"product_cat":[31,136],"product_tag":[237,131,236,36,33],"class_list":{"0":"post-10818","1":"product","2":"type-product","3":"status-publish","4":"has-post-thumbnail","6":"product_cat-cuir","7":"product_cat-pleine-fleur","8":"product_tag-cordon","9":"product_tag-grand-sac","10":"product_tag-musette","11":"product_tag-polochon","12":"product_tag-sac-a-dos","14":"first","15":"instock","16":"shipping-taxable","17":"purchasable","18":"product-type-variable"},"yoast_head":"<!-- This site is optimized with the Yoast SEO plugin v27.4 - https:\/\/yoast.com\/product\/yoast-seo-wordpress\/ -->\n<title>polochon<\/title>\n<meta name=\"description\" content=\"Magnifique polochon en cuir. Permet d&#039;embarquer plus que le n\u00e9cessaire pour de belles promenades. Appr\u00e9ciez l&#039;ing\u00e9niosit\u00e9 de l&#039;ouverture lat\u00e9rale.\" \/>\n<meta name=\"robots\" content=\"index, follow, max-snippet:-1, max-image-preview:large, max-video-preview:-1\" \/>\n<link rel=\"canonical\" href=\"https:\/\/albaicin.fr\/index.php\/produit\/polochon\/\" \/>\n<meta property=\"og:locale\" content=\"fr_FR\" \/>\n<meta property=\"og:type\" content=\"article\" \/>\n<meta property=\"og:title\" content=\"polochon\" \/>\n<meta property=\"og:description\" content=\"Magnifique polochon en cuir. Permet d&#039;embarquer plus que le n\u00e9cessaire pour de belles promenades. Appr\u00e9ciez l&#039;ing\u00e9niosit\u00e9 de l&#039;ouverture lat\u00e9rale.\" \/>\n<meta property=\"og:url\" content=\"https:\/\/albaicin.fr\/index.php\/produit\/polochon\/\" \/>\n<meta property=\"og:site_name\" content=\"albaicin\" \/>\n<meta property=\"article:modified_time\" content=\"2025-07-22T17:17:39+00:00\" \/>\n<meta property=\"og:image\" content=\"https:\/\/albaicin.fr\/wp-content\/uploads\/2023\/11\/Paulo_Duo.jpg\" \/>\n\t<meta property=\"og:image:width\" content=\"800\" \/>\n\t<meta property=\"og:image:height\" content=\"800\" \/>\n\t<meta property=\"og:image:type\" content=\"image\/jpeg\" \/>\n<meta name=\"twitter:card\" content=\"summary_large_image\" \/>\n<meta name=\"twitter:label1\" content=\"Dur\u00e9e de lecture estim\u00e9e\" \/>\n\t<meta name=\"twitter:data1\" content=\"2 minutes\" \/>\n<script type=\"application\/ld+json\" class=\"yoast-schema-graph\">{\"@context\":\"https:\\\/\\\/schema.org\",\"@graph\":[{\"@type\":\"WebPage\",\"@id\":\"https:\\\/\\\/albaicin.fr\\\/index.php\\\/produit\\\/polochon\\\/\",\"url\":\"https:\\\/\\\/albaicin.fr\\\/index.php\\\/produit\\\/polochon\\\/\",\"name\":\"polochon\",\"isPartOf\":{\"@id\":\"https:\\\/\\\/albaicin.fr\\\/#website\"},\"primaryImageOfPage\":{\"@id\":\"https:\\\/\\\/albaicin.fr\\\/index.php\\\/produit\\\/polochon\\\/#primaryimage\"},\"image\":{\"@id\":\"https:\\\/\\\/albaicin.fr\\\/index.php\\\/produit\\\/polochon\\\/#primaryimage\"},\"thumbnailUrl\":\"https:\\\/\\\/albaicin.fr\\\/wp-content\\\/uploads\\\/2023\\\/11\\\/Paulo_Duo.jpg\",\"datePublished\":\"2023-11-15T12:41:57+00:00\",\"dateModified\":\"2025-07-22T17:17:39+00:00\",\"description\":\"Magnifique polochon en cuir. Permet d'embarquer plus que le n\u00e9cessaire pour de belles promenades. Appr\u00e9ciez l'ing\u00e9niosit\u00e9 de l'ouverture lat\u00e9rale.\",\"breadcrumb\":{\"@id\":\"https:\\\/\\\/albaicin.fr\\\/index.php\\\/produit\\\/polochon\\\/#breadcrumb\"},\"inLanguage\":\"fr-FR\",\"potentialAction\":[{\"@type\":\"ReadAction\",\"target\":[\"https:\\\/\\\/albaicin.fr\\\/index.php\\\/produit\\\/polochon\\\/\"]}]},{\"@type\":\"ImageObject\",\"inLanguage\":\"fr-FR\",\"@id\":\"https:\\\/\\\/albaicin.fr\\\/index.php\\\/produit\\\/polochon\\\/#primaryimage\",\"url\":\"https:\\\/\\\/albaicin.fr\\\/wp-content\\\/uploads\\\/2023\\\/11\\\/Paulo_Duo.jpg\",\"contentUrl\":\"https:\\\/\\\/albaicin.fr\\\/wp-content\\\/uploads\\\/2023\\\/11\\\/Paulo_Duo.jpg\",\"width\":800,\"height\":800,\"caption\":\"polochon\"},{\"@type\":\"BreadcrumbList\",\"@id\":\"https:\\\/\\\/albaicin.fr\\\/index.php\\\/produit\\\/polochon\\\/#breadcrumb\",\"itemListElement\":[{\"@type\":\"ListItem\",\"position\":1,\"name\":\"Accueil\",\"item\":\"https:\\\/\\\/albaicin.fr\\\/\"},{\"@type\":\"ListItem\",\"position\":2,\"name\":\"Boutique albaicin\",\"item\":\"https:\\\/\\\/albaicin.fr\\\/index.php\\\/boutique-albaicin\\\/\"},{\"@type\":\"ListItem\",\"position\":3,\"name\":\"Paulo\"}]},{\"@type\":\"WebSite\",\"@id\":\"https:\\\/\\\/albaicin.fr\\\/#website\",\"url\":\"https:\\\/\\\/albaicin.fr\\\/\",\"name\":\"albaicin\",\"description\":\"Un site utilisant WordPress\",\"potentialAction\":[{\"@type\":\"SearchAction\",\"target\":{\"@type\":\"EntryPoint\",\"urlTemplate\":\"https:\\\/\\\/albaicin.fr\\\/?s={search_term_string}\"},\"query-input\":{\"@type\":\"PropertyValueSpecification\",\"valueRequired\":true,\"valueName\":\"search_term_string\"}}],\"inLanguage\":\"fr-FR\"}]}<\/script>\n<!-- \/ Yoast SEO plugin. -->","yoast_head_json":{"title":"polochon","description":"Magnifique polochon en cuir. Permet d'embarquer plus que le n\u00e9cessaire pour de belles promenades. Appr\u00e9ciez l'ing\u00e9niosit\u00e9 de l'ouverture lat\u00e9rale.","robots":{"index":"index","follow":"follow","max-snippet":"max-snippet:-1","max-image-preview":"max-image-preview:large","max-video-preview":"max-video-preview:-1"},"canonical":"https:\/\/albaicin.fr\/index.php\/produit\/polochon\/","og_locale":"fr_FR","og_type":"article","og_title":"polochon","og_description":"Magnifique polochon en cuir. Permet d'embarquer plus que le n\u00e9cessaire pour de belles promenades. Appr\u00e9ciez l'ing\u00e9niosit\u00e9 de l'ouverture lat\u00e9rale.","og_url":"https:\/\/albaicin.fr\/index.php\/produit\/polochon\/","og_site_name":"albaicin","article_modified_time":"2025-07-22T17:17:39+00:00","og_image":[{"width":800,"height":800,"url":"https:\/\/albaicin.fr\/wp-content\/uploads\/2023\/11\/Paulo_Duo.jpg","type":"image\/jpeg"}],"twitter_card":"summary_large_image","twitter_misc":{"Dur\u00e9e de lecture estim\u00e9e":"2 minutes"},"schema":{"@context":"https:\/\/schema.org","@graph":[{"@type":"WebPage","@id":"https:\/\/albaicin.fr\/index.php\/produit\/polochon\/","url":"https:\/\/albaicin.fr\/index.php\/produit\/polochon\/","name":"polochon","isPartOf":{"@id":"https:\/\/albaicin.fr\/#website"},"primaryImageOfPage":{"@id":"https:\/\/albaicin.fr\/index.php\/produit\/polochon\/#primaryimage"},"image":{"@id":"https:\/\/albaicin.fr\/index.php\/produit\/polochon\/#primaryimage"},"thumbnailUrl":"https:\/\/albaicin.fr\/wp-content\/uploads\/2023\/11\/Paulo_Duo.jpg","datePublished":"2023-11-15T12:41:57+00:00","dateModified":"2025-07-22T17:17:39+00:00","description":"Magnifique polochon en cuir. Permet d'embarquer plus que le n\u00e9cessaire pour de belles promenades. Appr\u00e9ciez l'ing\u00e9niosit\u00e9 de l'ouverture lat\u00e9rale.","breadcrumb":{"@id":"https:\/\/albaicin.fr\/index.php\/produit\/polochon\/#breadcrumb"},"inLanguage":"fr-FR","potentialAction":[{"@type":"ReadAction","target":["https:\/\/albaicin.fr\/index.php\/produit\/polochon\/"]}]},{"@type":"ImageObject","inLanguage":"fr-FR","@id":"https:\/\/albaicin.fr\/index.php\/produit\/polochon\/#primaryimage","url":"https:\/\/albaicin.fr\/wp-content\/uploads\/2023\/11\/Paulo_Duo.jpg","contentUrl":"https:\/\/albaicin.fr\/wp-content\/uploads\/2023\/11\/Paulo_Duo.jpg","width":800,"height":800,"caption":"polochon"},{"@type":"BreadcrumbList","@id":"https:\/\/albaicin.fr\/index.php\/produit\/polochon\/#breadcrumb","itemListElement":[{"@type":"ListItem","position":1,"name":"Accueil","item":"https:\/\/albaicin.fr\/"},{"@type":"ListItem","position":2,"name":"Boutique albaicin","item":"https:\/\/albaicin.fr\/index.php\/boutique-albaicin\/"},{"@type":"ListItem","position":3,"name":"Paulo"}]},{"@type":"WebSite","@id":"https:\/\/albaicin.fr\/#website","url":"https:\/\/albaicin.fr\/","name":"albaicin","description":"Un site utilisant WordPress","potentialAction":[{"@type":"SearchAction","target":{"@type":"EntryPoint","urlTemplate":"https:\/\/albaicin.fr\/?s={search_term_string}"},"query-input":{"@type":"PropertyValueSpecification","valueRequired":true,"valueName":"search_term_string"}}],"inLanguage":"fr-FR"}]}},"_links":{"self":[{"href":"https:\/\/albaicin.fr\/index.php\/wp-json\/wp\/v2\/product\/10818","targetHints":{"allow":["GET"]}}],"collection":[{"href":"https:\/\/albaicin.fr\/index.php\/wp-json\/wp\/v2\/product"}],"about":[{"href":"https:\/\/albaicin.fr\/index.php\/wp-json\/wp\/v2\/types\/product"}],"replies":[{"embeddable":true,"href":"https:\/\/albaicin.fr\/index.php\/wp-json\/wp\/v2\/comments?post=10818"}],"wp:featuredmedia":[{"embeddable":true,"href":"https:\/\/albaicin.fr\/index.php\/wp-json\/wp\/v2\/media\/11298"}],"wp:attachment":[{"href":"https:\/\/albaicin.fr\/index.php\/wp-json\/wp\/v2\/media?parent=10818"}],"wp:term":[{"taxonomy":"product_brand","embeddable":true,"href":"https:\/\/albaicin.fr\/index.php\/wp-json\/wp\/v2\/product_brand?post=10818"},{"taxonomy":"product_cat","embeddable":true,"href":"https:\/\/albaicin.fr\/index.php\/wp-json\/wp\/v2\/product_cat?post=10818"},{"taxonomy":"product_tag","embeddable":true,"href":"https:\/\/albaicin.fr\/index.php\/wp-json\/wp\/v2\/product_tag?post=10818"}],"curies":[{"name":"wp","href":"https:\/\/api.w.org\/{rel}","templated":true}]}}